{"id":13703,"date":"2021-03-17T17:03:05","date_gmt":"2021-03-17T16:03:05","guid":{"rendered":"https:\/\/segreteria.lettere.uniroma2.it\/home\/?page_id=13703"},"modified":"2021-10-06T15:11:47","modified_gmt":"2021-10-06T13:11:47","slug":"appello-straordinario-desame-maggio-2021","status":"publish","type":"page","link":"https:\/\/segreteria.lettere.uniroma2.it\/home\/appello-straordinario-desame-maggio-2021\/","title":{"rendered":"APPELLO STRAORDINARIO D&#8217;ESAME &#8211; MAGGIO 2021"},"content":{"rendered":"<p>[et_pb_section fb_built=&#8221;1&#8243; _builder_version=&#8221;3.22&#8243; custom_margin=&#8221;20px||20px||true&#8221; custom_margin_tablet=&#8221;&#8221; custom_margin_phone=&#8221;&#8221; custom_margin_last_edited=&#8221;on|desktop&#8221; custom_padding=&#8221;0||0px||false|false&#8221; global_colors_info=&#8221;{}&#8221;][et_pb_row column_structure=&#8221;1_4,3_4&#8243; module_class=&#8221; et_pb_row_fullwidth&#8221; _builder_version=&#8221;4.9.2&#8243; width=&#8221;100%&#8221; width_tablet=&#8221;100%&#8221; width_phone=&#8221;&#8221; width_last_edited=&#8221;on|desktop&#8221; max_width=&#8221;100%&#8221; max_width_tablet=&#8221;100%&#8221; max_width_phone=&#8221;&#8221; max_width_last_edited=&#8221;on|desktop&#8221; module_alignment=&#8221;center&#8221; custom_margin=&#8221;2%|2%|2%|2%|true|true&#8221; custom_margin_tablet=&#8221;&#8221; custom_margin_phone=&#8221;|2%||2%|true|true&#8221; custom_margin_last_edited=&#8221;on|desktop&#8221; custom_padding=&#8221;2%|2%|2%|2%|true|true&#8221; make_fullwidth=&#8221;on&#8221; global_colors_info=&#8221;{}&#8221;][et_pb_column type=&#8221;1_4&#8243; _builder_version=&#8221;3.25&#8243; custom_padding=&#8221;|||&#8221; global_colors_info=&#8221;{}&#8221; custom_padding__hover=&#8221;|||&#8221;][et_pb_image src=&#8221;http:\/\/segreteria.lettere.uniroma2.it\/wp-content\/uploads\/2018\/03\/study.png&#8221; align=&#8221;center&#8221; align_tablet=&#8221;center&#8221; align_phone=&#8221;&#8221; align_last_edited=&#8221;on|desktop&#8221; _builder_version=&#8221;3.23&#8243; global_colors_info=&#8221;{}&#8221;][\/et_pb_image][\/et_pb_column][et_pb_column type=&#8221;3_4&#8243; _builder_version=&#8221;3.25&#8243; custom_padding=&#8221;|||&#8221; global_colors_info=&#8221;{}&#8221; custom_padding__hover=&#8221;|||&#8221;][et_pb_text _builder_version=&#8221;4.9.2&#8243; text_font=&#8221;||||||||&#8221; header_font=&#8221;||||||||&#8221; header_2_font=&#8221;||||||||&#8221; header_2_font_size=&#8221;30px&#8221; header_3_font=&#8221;||||||||&#8221; header_3_font_size=&#8221;30px&#8221; header_4_font=&#8221;||||||||&#8221; custom_margin=&#8221;16px|||0px&#8221; custom_margin_tablet=&#8221;&#8221; custom_margin_phone=&#8221;16px|||25px&#8221; custom_margin_last_edited=&#8221;on|desktop&#8221; text_font_size_tablet=&#8221;&#8221; text_font_size_phone=&#8221;12px&#8221; text_font_size_last_edited=&#8221;on|phone&#8221; header_2_font_size_tablet=&#8221;20px&#8221; header_2_font_size_phone=&#8221;18px&#8221; header_2_font_size_last_edited=&#8221;on|phone&#8221; header_3_font_size_tablet=&#8221;20px&#8221; header_3_font_size_phone=&#8221;18px&#8221; header_3_font_size_last_edited=&#8221;on|desktop&#8221; header_4_font_size_tablet=&#8221;&#8221; header_4_font_size_phone=&#8221;18px&#8221; header_4_font_size_last_edited=&#8221;on|phone&#8221; global_colors_info=&#8221;{}&#8221;]<\/p>\n<h3 style=\"text-align: center;\">APPELLO STRAORDINARIO &#8211; MAGGIO 2021 (ex aprile)<\/h3>\n<p style=\"text-align: center;\">Rif. Proroga a.a. 2019\/2020 &#8211; Delibera del Senato Accademico del 26\/2\/2021<\/p>\n<p>[\/et_pb_text][\/et_pb_column][\/et_pb_row][\/et_pb_section][et_pb_section fb_built=&#8221;1&#8243; custom_padding_last_edited=&#8221;on|tablet&#8221; _builder_version=&#8221;4.9.2&#8243; custom_margin=&#8221;35px|||&#8221; custom_margin_tablet=&#8221;2%||||false|false&#8221; custom_margin_phone=&#8221;2%||2%||true|false&#8221; custom_margin_last_edited=&#8221;on|phone&#8221; custom_padding=&#8221;0|0|22px|0px|false|false&#8221; custom_padding_tablet=&#8221;2%|2%|2%|2%|true|true&#8221; custom_padding_phone=&#8221;2%||2%|2%|true|false&#8221; box_shadow_style=&#8221;preset1&#8243; global_colors_info=&#8221;{}&#8221;][et_pb_row custom_padding_last_edited=&#8221;on|phone&#8221; module_class=&#8221; et_pb_row_fullwidth&#8221; _builder_version=&#8221;3.25&#8243; width=&#8221;100%&#8221; width_tablet=&#8221;100%&#8221; width_phone=&#8221;&#8221; width_last_edited=&#8221;on|desktop&#8221; max_width=&#8221;100%&#8221; max_width_tablet=&#8221;100%&#8221; max_width_phone=&#8221;&#8221; max_width_last_edited=&#8221;on|desktop&#8221; module_alignment=&#8221;center&#8221; custom_margin_tablet=&#8221;||-33px&#8221; custom_margin_phone=&#8221;||0px|&#8221; custom_margin_last_edited=&#8221;on|desktop&#8221; custom_padding=&#8221;29px|24px|42px|24px|false|true&#8221; custom_padding_tablet=&#8221;26px||0px|&#8221; custom_padding_phone=&#8221;16px|16px|15px|16px||true&#8221; make_fullwidth=&#8221;on&#8221; global_colors_info=&#8221;{}&#8221;][et_pb_column type=&#8221;4_4&#8243; _builder_version=&#8221;3.25&#8243; custom_padding=&#8221;|||&#8221; global_colors_info=&#8221;{}&#8221; custom_padding__hover=&#8221;|||&#8221;][et_pb_text _builder_version=&#8221;4.9.2&#8243; text_font=&#8221;||||||||&#8221; text_line_height=&#8221;1.2em&#8221; custom_margin=&#8221;2%|2%|2%|2%|true|true&#8221; custom_padding=&#8221;2%|2%|2%|2%|true|true&#8221; text_font_size_tablet=&#8221;15px&#8221; text_font_size_phone=&#8221;12px&#8221; text_font_size_last_edited=&#8221;on|phone&#8221; global_colors_info=&#8221;{}&#8221;]<\/p>\n<p>A seguito della proroga dell&#8217;a.a. 2019\/2020 gli appelli straordinari sono stati <strong>posticipati<\/strong> dal mese di aprile <strong>al mese maggio 2021 <\/strong><em>(appelli straordinari &#8211;\u00a0 a.a. 2019\/2020)<\/em><\/p>\n<p><em><\/em><\/p>\n<p><strong>Prenota in modo autonomo gli esami<\/strong><span>\u00a0<\/span>dalla tua area Delphi online<span>\u00a0<\/span><strong>escluisivamente nel periodo<\/strong><span>\u00a0<\/span>compreso tra il<strong><span>\u00a0<\/span>16\/04\/2021 e il 25\/04\/2021.<\/strong><\/p>\n<blockquote>\n<p><strong>ATTENZIONE:<\/strong><\/p>\n<p>Le prenotazione richieste <strong>dopo il 25\/4\/2021 non saranno prese in considerazione.<\/strong><\/p>\n<p><strong>Senza esami prenotati nel periodo indicato <\/strong>sarai costretto a <strong>rimandare gli esami <\/strong>e la tua <strong>domanda di laurea <\/strong>presentata sar\u00e0 <strong>ANNULLATA D\u2019UFFICIO!<\/strong><\/p>\n<\/blockquote>\n<p style=\"padding-left: 40px;\">quindi\u2026<strong>occhio alle scadenze!<\/strong><\/p>\n<p>[\/et_pb_text][\/et_pb_column][\/et_pb_row][et_pb_row column_structure=&#8221;2_3,1_3&#8243; custom_padding_last_edited=&#8221;on|phone&#8221; module_class=&#8221; et_pb_row_fullwidth&#8221; _builder_version=&#8221;4.9.2&#8243; width=&#8221;100%&#8221; width_tablet=&#8221;100%&#8221; width_phone=&#8221;&#8221; width_last_edited=&#8221;on|desktop&#8221; max_width=&#8221;100%&#8221; max_width_tablet=&#8221;100%&#8221; max_width_phone=&#8221;&#8221; max_width_last_edited=&#8221;on|desktop&#8221; module_alignment=&#8221;center&#8221; custom_margin=&#8221;-6%|2%||2%|false|true&#8221; custom_margin_tablet=&#8221;2%||2%||true|true&#8221; custom_margin_phone=&#8221;-3%|2%|2%|2%|false|true&#8221; custom_margin_last_edited=&#8221;on|phone&#8221; custom_padding=&#8221;2%|2%|2%|2%|true|true&#8221; custom_padding_tablet=&#8221;2%|2%|2%|2%|true|true&#8221; custom_padding_phone=&#8221;2%|2%|2%|2%|true|true&#8221; make_fullwidth=&#8221;on&#8221; global_colors_info=&#8221;{}&#8221;][et_pb_column type=&#8221;2_3&#8243; _builder_version=&#8221;3.25&#8243; custom_padding=&#8221;|||&#8221; custom_padding_tablet=&#8221;|0px||0px||true&#8221; custom_padding_phone=&#8221;|||&#8221; custom_padding_last_edited=&#8221;on|phone&#8221; global_colors_info=&#8221;{}&#8221; custom_padding__hover=&#8221;|||&#8221;][et_pb_toggle title=&#8221;QUANDO SI SVOLGE LA SESSIONE D&#8217;ESAME STRAORDINARIA DI MAGGIO 2021&#8243; icon_color=&#8221;#66022f&#8221; _builder_version=&#8221;4.9.2&#8243; title_text_color=&#8221;#044d2f&#8221; title_font=&#8221;||||||||&#8221; title_font_size=&#8221;18px&#8221; title_line_height=&#8221;1.1em&#8221; closed_title_font_size=&#8221;18px&#8221; closed_title_line_height=&#8221;1.2em&#8221; body_font=&#8221;||||||||&#8221; body_font_size=&#8221;16px&#8221; body_line_height=&#8221;1.2em&#8221; text_orientation=&#8221;left&#8221; custom_margin=&#8221;2%|2%|2%|2%|true|true&#8221; custom_margin_tablet=&#8221;2%|2%|0%|2%|false|true&#8221; custom_margin_phone=&#8221;2%|2%||2%|false|true&#8221; custom_margin_last_edited=&#8221;on|phone&#8221; custom_padding=&#8221;2%|2%|2%|2%|true|true&#8221; custom_padding_tablet=&#8221;&#8221; custom_padding_phone=&#8221;|||&#8221; custom_padding_last_edited=&#8221;on|tablet&#8221; title_font_tablet=&#8221;&#8221; title_font_phone=&#8221;&#8221; title_font_last_edited=&#8221;on|tablet&#8221; title_font_size_tablet=&#8221;16px&#8221; title_font_size_phone=&#8221;14px&#8221; title_font_size_last_edited=&#8221;on|phone&#8221; closed_title_font_size_tablet=&#8221;16px&#8221; closed_title_font_size_phone=&#8221;14px&#8221; closed_title_font_size_last_edited=&#8221;on|phone&#8221; body_font_size_tablet=&#8221;14px&#8221; body_font_size_phone=&#8221;12px&#8221; body_font_size_last_edited=&#8221;on|desktop&#8221; global_colors_info=&#8221;{}&#8221;]<\/p>\n<p>Le date degli appelli saranno stabilite da ciascun docente <strong>DAL 3 AL 14 MAGGIO 2021<\/strong><\/p>\n<p>[\/et_pb_toggle][et_pb_toggle title=&#8221;DOVE TROVO IL CALENDARIO DEGLI ESAMI?&#8221; icon_color=&#8221;#66022f&#8221; _builder_version=&#8221;4.9.2&#8243; title_text_color=&#8221;#044d2f&#8221; title_font=&#8221;||||||||&#8221; title_font_size=&#8221;18px&#8221; title_line_height=&#8221;1.1em&#8221; closed_title_font_size=&#8221;18px&#8221; closed_title_line_height=&#8221;1.2em&#8221; body_font=&#8221;||||||||&#8221; body_font_size=&#8221;16px&#8221; body_line_height=&#8221;1.2em&#8221; text_orientation=&#8221;left&#8221; custom_margin=&#8221;2%|2%|2%|2%|true|true&#8221; custom_margin_tablet=&#8221;2%|2%|0%|2%|false|true&#8221; custom_margin_phone=&#8221;2%|2%||2%|false|true&#8221; custom_margin_last_edited=&#8221;on|phone&#8221; custom_padding=&#8221;2%|2%|2%|2%|true|true&#8221; custom_padding_tablet=&#8221;&#8221; custom_padding_phone=&#8221;|||&#8221; custom_padding_last_edited=&#8221;on|tablet&#8221; title_font_tablet=&#8221;&#8221; title_font_phone=&#8221;&#8221; title_font_last_edited=&#8221;on|tablet&#8221; title_font_size_tablet=&#8221;16px&#8221; title_font_size_phone=&#8221;14px&#8221; title_font_size_last_edited=&#8221;on|phone&#8221; closed_title_font_size_tablet=&#8221;16px&#8221; closed_title_font_size_phone=&#8221;14px&#8221; closed_title_font_size_last_edited=&#8221;on|phone&#8221; body_font_size_tablet=&#8221;14px&#8221; body_font_size_phone=&#8221;12px&#8221; body_font_size_last_edited=&#8221;on|desktop&#8221; global_colors_info=&#8221;{}&#8221;]<\/p>\n<p>Solo per la sessione d&#8217;esame straordinaria il calendario \u00e8 pubblicato in questa pagina (Vedi pulsante)<\/p>\n<p>[\/et_pb_toggle][et_pb_toggle title=&#8221;CHI PUO&#8217; USUFRUIRE DELLA SESSIONE D&#8217;ESAME STRAORDINARIA DI MAGGIO 2021&#8243; icon_color=&#8221;#66022f&#8221; _builder_version=&#8221;4.9.2&#8243; title_text_color=&#8221;#044d2f&#8221; title_font=&#8221;||||||||&#8221; title_font_size=&#8221;18px&#8221; title_line_height=&#8221;1.1em&#8221; closed_title_font_size=&#8221;18px&#8221; closed_title_line_height=&#8221;1.2em&#8221; body_font=&#8221;||||||||&#8221; body_font_size=&#8221;16px&#8221; body_line_height=&#8221;1.2em&#8221; text_orientation=&#8221;left&#8221; custom_margin=&#8221;2%|2%|2%|2%|true|true&#8221; custom_margin_tablet=&#8221;2%|2%|0%|2%|false|true&#8221; custom_margin_phone=&#8221;2%|2%||2%|false|true&#8221; custom_margin_last_edited=&#8221;on|phone&#8221; custom_padding=&#8221;2%|2%|2%|2%|true|true&#8221; custom_padding_tablet=&#8221;&#8221; custom_padding_phone=&#8221;|||&#8221; custom_padding_last_edited=&#8221;on|tablet&#8221; title_font_tablet=&#8221;&#8221; title_font_phone=&#8221;&#8221; title_font_last_edited=&#8221;on|tablet&#8221; title_font_size_tablet=&#8221;16px&#8221; title_font_size_phone=&#8221;14px&#8221; title_font_size_last_edited=&#8221;on|phone&#8221; closed_title_font_size_tablet=&#8221;16px&#8221; closed_title_font_size_phone=&#8221;14px&#8221; closed_title_font_size_last_edited=&#8221;on|phone&#8221; body_font_size_tablet=&#8221;14px&#8221; body_font_size_phone=&#8221;12px&#8221; body_font_size_last_edited=&#8221;on|desktop&#8221; global_colors_info=&#8221;{}&#8221;]<\/p>\n<ol>\n<li style=\"list-style-type: none;\">1. Studenti<strong> iscritti in via cautelativa all&#8217;a.a. 2019\/2020<\/strong> che presentano<strong> domanda di laurea per il mese di giugno 2021<\/strong> (sessione straordinaria &#8211;\u00a0 a.a. 2019\/2020)<\/li>\n<li style=\"list-style-type: none;\"><\/li>\n<li style=\"list-style-type: none;\"><\/li>\n<li style=\"list-style-type: none;\">2. Studenti<strong> iscritti ai Corsi Singoli<\/strong><\/li>\n<li style=\"list-style-type: none;\"><\/li>\n<\/ol>\n<p>[\/et_pb_toggle][et_pb_toggle title=&#8221;\u201cDUE ESAMI\u201d: QUALI SONO (solo per i laureandi del mese di Giugno 2021 &#8211; ex maggio)&#8221; icon_color=&#8221;#66022f&#8221; _builder_version=&#8221;4.9.2&#8243; title_text_color=&#8221;#044d2f&#8221; title_font=&#8221;||||||||&#8221; title_font_size=&#8221;18px&#8221; title_line_height=&#8221;1.1em&#8221; closed_title_font_size=&#8221;18px&#8221; closed_title_line_height=&#8221;1.2em&#8221; body_font=&#8221;||||||||&#8221; body_font_size=&#8221;16px&#8221; body_line_height=&#8221;1.2em&#8221; text_orientation=&#8221;left&#8221; custom_margin=&#8221;2%|2%|2%|2%|true|true&#8221; custom_margin_tablet=&#8221;2%|2%|0%|2%|false|true&#8221; custom_margin_phone=&#8221;2%|2%||2%|false|true&#8221; custom_margin_last_edited=&#8221;on|phone&#8221; custom_padding=&#8221;2%|2%|2%|2%|true|true&#8221; custom_padding_tablet=&#8221;&#8221; custom_padding_phone=&#8221;|||&#8221; custom_padding_last_edited=&#8221;on|tablet&#8221; title_font_tablet=&#8221;&#8221; title_font_phone=&#8221;&#8221; title_font_last_edited=&#8221;on|tablet&#8221; title_font_size_tablet=&#8221;16px&#8221; title_font_size_phone=&#8221;14px&#8221; title_font_size_last_edited=&#8221;on|phone&#8221; closed_title_font_size_tablet=&#8221;16px&#8221; closed_title_font_size_phone=&#8221;14px&#8221; closed_title_font_size_last_edited=&#8221;on|phone&#8221; body_font_size_tablet=&#8221;14px&#8221; body_font_size_phone=&#8221;12px&#8221; body_font_size_last_edited=&#8221;on|desktop&#8221; global_colors_info=&#8221;{}&#8221;]<\/p>\n<p>\u00c8 possibile sostenere al massimo <strong>DUE ESAMI<\/strong><\/p>\n<p>Il dettaglio degli esami sostenibili \u00e8 da definire<\/p>\n<ul>\n<li style=\"list-style-type: none;\">\u00a0<\/li>\n<\/ul>\n<p>[\/et_pb_toggle][et_pb_toggle title=&#8221;COSA FARE PER SOSTENERE GLI ESAMI IN SESSIONE STRAORDINARIA &#8211; MAGGIO 2021&#8243; icon_color=&#8221;#66022f&#8221; _builder_version=&#8221;4.9.2&#8243; title_text_color=&#8221;#044d2f&#8221; title_font=&#8221;||||||||&#8221; title_font_size=&#8221;18px&#8221; title_line_height=&#8221;1.1em&#8221; closed_title_font_size=&#8221;18px&#8221; closed_title_line_height=&#8221;1.2em&#8221; body_font=&#8221;||||||||&#8221; body_font_size=&#8221;16px&#8221; body_line_height=&#8221;1.2em&#8221; text_orientation=&#8221;left&#8221; custom_margin=&#8221;2%|2%|2%|2%|true|true&#8221; custom_margin_tablet=&#8221;2%|2%|0%|2%|false|true&#8221; custom_margin_phone=&#8221;2%|2%||2%|false|true&#8221; custom_margin_last_edited=&#8221;on|phone&#8221; custom_padding=&#8221;2%|2%|2%|2%|true|true&#8221; custom_padding_tablet=&#8221;&#8221; custom_padding_phone=&#8221;|||&#8221; custom_padding_last_edited=&#8221;on|tablet&#8221; title_font_tablet=&#8221;&#8221; title_font_phone=&#8221;&#8221; title_font_last_edited=&#8221;on|tablet&#8221; title_font_size_tablet=&#8221;16px&#8221; title_font_size_phone=&#8221;14px&#8221; title_font_size_last_edited=&#8221;on|phone&#8221; closed_title_font_size_tablet=&#8221;16px&#8221; closed_title_font_size_phone=&#8221;14px&#8221; closed_title_font_size_last_edited=&#8221;on|phone&#8221; body_font_size_tablet=&#8221;14px&#8221; body_font_size_phone=&#8221;12px&#8221; body_font_size_last_edited=&#8221;on|desktop&#8221; global_colors_info=&#8221;{}&#8221;]<\/p>\n<p><strong>Prenota in modo autonomo ogni esame<\/strong> dalla tua area Delphi online <strong>escluisivamente nel periodo<\/strong> compreso tra il<strong> 16\/04\/2021 e il 25\/04\/2021.<\/strong><\/p>\n<p><strong><\/strong><\/p>\n<p><strong>ATTENZIONE:<\/strong><\/p>\n<p><strong>E&#8217; possibile prenotare gli esami solo nel periodo indicato<\/strong><\/p>\n<p>Le prenotazione richieste <strong>dopo il 25\/4\/2021 non saranno prese in considerazione.<\/strong><\/p>\n<p><strong><\/strong><\/p>\n<blockquote>\n<p><strong>N.B. PER I LAUREANDI:<\/strong><\/p>\n<p><strong>Senza esami prenotati nel periodo indicato <\/strong>sarai costretto a <strong>rimandare gli esami <\/strong>e la tua<strong> domanda di laurea <\/strong>presentata sar\u00e0<strong> ANNULLATA D&#8217;UFFICIO!<\/strong><\/p>\n<p>quindi&#8230;<strong>occhio alle scadenze!<\/strong><\/p>\n<\/blockquote>\n<p>[\/et_pb_toggle][et_pb_toggle title=&#8221;COME PRENOTARE UN ESAME %22A SCELTA LIBERA%22 o DISATTIVATO&#8221; icon_color=&#8221;#66022f&#8221; _builder_version=&#8221;4.9.2&#8243; title_text_color=&#8221;#044d2f&#8221; title_font=&#8221;||||||||&#8221; title_font_size=&#8221;18px&#8221; title_line_height=&#8221;1.1em&#8221; closed_title_font_size=&#8221;18px&#8221; closed_title_line_height=&#8221;1.2em&#8221; body_font=&#8221;||||||||&#8221; body_font_size=&#8221;16px&#8221; body_line_height=&#8221;1.2em&#8221; text_orientation=&#8221;left&#8221; custom_margin=&#8221;2%|2%|2%|2%|true|true&#8221; custom_margin_tablet=&#8221;2%|2%|0%|2%|false|true&#8221; custom_margin_phone=&#8221;2%|2%||2%|false|true&#8221; custom_margin_last_edited=&#8221;on|phone&#8221; custom_padding=&#8221;2%|2%|2%|2%|true|true&#8221; custom_padding_tablet=&#8221;&#8221; custom_padding_phone=&#8221;|||&#8221; custom_padding_last_edited=&#8221;on|tablet&#8221; title_font_tablet=&#8221;&#8221; title_font_phone=&#8221;&#8221; title_font_last_edited=&#8221;on|tablet&#8221; title_font_size_tablet=&#8221;16px&#8221; title_font_size_phone=&#8221;14px&#8221; title_font_size_last_edited=&#8221;on|phone&#8221; closed_title_font_size_tablet=&#8221;16px&#8221; closed_title_font_size_phone=&#8221;14px&#8221; closed_title_font_size_last_edited=&#8221;on|phone&#8221; body_font_size_tablet=&#8221;14px&#8221; body_font_size_phone=&#8221;12px&#8221; body_font_size_last_edited=&#8221;on|desktop&#8221; global_colors_info=&#8221;{}&#8221;]<\/p>\n<p>Invia la<strong> richiesta di prenotazione <\/strong>dell&#8217;esame &#8220;a scelta libera&#8221; o disattivato compilando<strong> l&#8217;apposito moduo <\/strong><a href=\"http:\/\/segreteria.lettere.uniroma2.it\/home\/esami-di-profitto\/richiesta-prenotazione-esame-a-scelta-libera-dello-studente\/\">che trovi a questo link \u00a0<\/a>nel periodo compreso <strong>tra il 16 e il 25 aprile 2021.<\/strong><\/p>\n<p>&nbsp;<\/p>\n<p>Le prenotazione richieste <strong>dopo il 25\/4\/2021 non saranno prese in considerazione.<\/strong><\/p>\n<p><strong><\/strong><\/p>\n<blockquote>\n<p><strong>N.B. PER I LAUREANDI:<\/strong><\/p>\n<p><strong>Senza esami prenotati nel periodo indicato <\/strong>sarai costretto a <strong>rimandare gli esami <\/strong>e la tua<strong> domanda di laurea <\/strong>presentata sar\u00e0<strong> ANNULLATA D&#8217;UFFICIO!<\/strong><\/p>\n<p>quindi&#8230;<strong>occhio alle scadenze!<\/strong><\/p>\n<\/blockquote>\n<p>[\/et_pb_toggle][\/et_pb_column][et_pb_column type=&#8221;1_3&#8243; _builder_version=&#8221;3.25&#8243; custom_padding=&#8221;|0px||&#8221; custom_padding_tablet=&#8221;|0px||0px||true&#8221; custom_padding_phone=&#8221;|||&#8221; custom_padding_last_edited=&#8221;on|tablet&#8221; global_colors_info=&#8221;{}&#8221; custom_padding__hover=&#8221;|||&#8221;][et_pb_button button_url=&#8221;https:\/\/docs.google.com\/spreadsheets\/d\/1F3hBXN1M5YUbLj7Z6fzclkk4plNpIk8Mzw83BIGMIjw\/edit?usp=sharing&#8221; url_new_window=&#8221;on&#8221; button_text=&#8221;DATE DEGLI APPELLI STRAORDINARI DEL MESE DI MAGGIO 2021&#8243; button_alignment=&#8221;center&#8221; _builder_version=&#8221;4.9.2&#8243; custom_button=&#8221;on&#8221; button_text_size=&#8221;19px&#8221; button_text_color=&#8221;#66022f&#8221; button_letter_spacing=&#8221;0px&#8221; button_font=&#8221;||||||||&#8221; button_icon=&#8221;%%20%%&#8221; button_icon_color=&#8221;#66022f&#8221; custom_margin=&#8221;15px|15px|15px|15px|true|true&#8221; custom_margin_tablet=&#8221;35px||35px||true&#8221; custom_margin_phone=&#8221;|||&#8221; custom_margin_last_edited=&#8221;on|desktop&#8221; button_text_size_tablet=&#8221;18px&#8221; button_text_size_phone=&#8221;14px&#8221; button_text_size_last_edited=&#8221;on|phone&#8221; box_shadow_style=&#8221;preset1&#8243; button_bg_color_hover=&#8221;rgba(4,77,47,0.34)&#8221; global_colors_info=&#8221;{}&#8221; button_text_size__hover_enabled=&#8221;off&#8221; button_one_text_size__hover_enabled=&#8221;off&#8221; button_two_text_size__hover_enabled=&#8221;off&#8221; button_text_color__hover_enabled=&#8221;off&#8221; button_one_text_color__hover_enabled=&#8221;off&#8221; button_two_text_color__hover_enabled=&#8221;off&#8221; button_border_width__hover_enabled=&#8221;off&#8221; button_one_border_width__hover_enabled=&#8221;off&#8221; button_two_border_width__hover_enabled=&#8221;off&#8221; button_border_color__hover_enabled=&#8221;off&#8221; button_one_border_color__hover_enabled=&#8221;off&#8221; button_two_border_color__hover_enabled=&#8221;off&#8221; button_border_radius__hover_enabled=&#8221;off&#8221; button_one_border_radius__hover_enabled=&#8221;off&#8221; button_two_border_radius__hover_enabled=&#8221;off&#8221; button_letter_spacing__hover_enabled=&#8221;off&#8221; button_one_letter_spacing__hover_enabled=&#8221;off&#8221; button_two_letter_spacing__hover_enabled=&#8221;off&#8221; button_bg_color__hover_enabled=&#8221;on&#8221; button_bg_color__hover=&#8221;rgba(4,77,47,0.34)&#8221; button_one_bg_color__hover_enabled=&#8221;off&#8221; button_two_bg_color__hover_enabled=&#8221;off&#8221;][\/et_pb_button][et_pb_text _builder_version=&#8221;4.9.2&#8243; text_font=&#8221;||||||||&#8221; text_line_height=&#8221;1.2em&#8221; link_font=&#8221;||||||||&#8221; header_font=&#8221;||||||||&#8221; custom_margin=&#8221;||0px|&#8221; custom_margin_tablet=&#8221;4px||24px&#8221; custom_margin_phone=&#8221;-17px||0px|&#8221; custom_margin_last_edited=&#8221;on|phone&#8221; custom_padding=&#8221;29px|||&#8221; custom_padding_tablet=&#8221;0px||&#8221; custom_padding_phone=&#8221;0px||&#8221; custom_padding_last_edited=&#8221;on|desktop&#8221; text_font_size_tablet=&#8221;14px&#8221; text_font_size_phone=&#8221;12px&#8221; text_font_size_last_edited=&#8221;on|phone&#8221; link_font_size_tablet=&#8221;&#8221; link_font_size_phone=&#8221;12px&#8221; link_font_size_last_edited=&#8221;on|phone&#8221; header_font_size_tablet=&#8221;&#8221; header_font_size_phone=&#8221;12px&#8221; header_font_size_last_edited=&#8221;on|phone&#8221; global_colors_info=&#8221;{}&#8221;]<\/p>\n<p style=\"text-align: center;\">Le date degli appelli straordinari del mese di maggio 2021 sono in continuo aggiornamento.<\/p>\n<p style=\"text-align: center;\">Si prega di consultare pi\u00f9 volte il file perch\u00e8 \u00e8 <strong>suscettibile a modifiche.<\/strong><\/p>\n<p>[\/et_pb_text][et_pb_text _builder_version=&#8221;4.9.2&#8243; text_font=&#8221;||||||||&#8221; text_line_height=&#8221;1.2em&#8221; link_font=&#8221;||||||||&#8221; header_font=&#8221;||||||||&#8221; header_line_height=&#8221;1.2em&#8221; header_5_font_size=&#8221;18px&#8221; header_5_line_height=&#8221;1.2em&#8221; custom_margin=&#8221;||0px|&#8221; custom_margin_tablet=&#8221;-26px||15px&#8221; custom_margin_phone=&#8221;15px||0px|&#8221; custom_margin_last_edited=&#8221;on|tablet&#8221; custom_padding=&#8221;2%|2%|2%|2%|true|true&#8221; custom_padding_tablet=&#8221;&#8221; custom_padding_phone=&#8221;0px||&#8221; custom_padding_last_edited=&#8221;on|desktop&#8221; text_font_size_tablet=&#8221;16px&#8221; text_font_size_phone=&#8221;12px&#8221; text_font_size_last_edited=&#8221;on|tablet&#8221; link_font_size_tablet=&#8221;&#8221; link_font_size_phone=&#8221;12px&#8221; link_font_size_last_edited=&#8221;on|phone&#8221; header_font_size_tablet=&#8221;14px&#8221; header_font_size_phone=&#8221;12px&#8221; header_font_size_last_edited=&#8221;on|phone&#8221; header_5_font_size_tablet=&#8221;16px&#8221; header_5_font_size_phone=&#8221;14px&#8221; header_5_font_size_last_edited=&#8221;on|phone&#8221; global_colors_info=&#8221;{}&#8221;]<\/p>\n<h4 style=\"text-align: center;\">Se nel file non trovi il Docente contattalo tu!<\/h4>\n<p style=\"text-align: left;\">Puoi contattare i docenti:<\/p>\n<p style=\"text-align: left;\">&#8211; tramite<a href=\"https:\/\/didattica.uniroma2.it\/\"> Didattica Web<\/a><\/p>\n<p style=\"text-align: left;\">&#8211; cercando i loro recapiti nella <a href=\"https:\/\/directory.uniroma2.it\/index.php\/chart\/cerca\" target=\"_blank\" rel=\"noopener\">RUBRICA DI ATENEO <\/a>(anteponi &#8220;06 7259&#8221; al numero di interno telefonico, se indicato)<\/p>\n<p style=\"text-align: left;\">&#8211; Tramite TEAMS<\/p>\n<p style=\"text-align: center;\"><strong>Ti preghiamo di attendere qualche giorno per ottenere una risposta email da parte del Professore.<\/strong><\/p>\n<p>[\/et_pb_text][\/et_pb_column][\/et_pb_row][\/et_pb_section]<\/p>\n","protected":false},"excerpt":{"rendered":"<p>APPELLO STRAORDINARIO &#8211; MAGGIO 2021 (ex aprile) Rif. Proroga a.a. 2019\/2020 &#8211; Delibera del Senato Accademico del 26\/2\/2021A seguito della proroga dell&#8217;a.a. 2019\/2020 gli appelli straordinari sono stati posticipati dal mese di aprile al mese maggio 2021 (appelli straordinari &#8211;\u00a0 a.a. 2019\/2020) Prenota in modo autonomo gli esami\u00a0dalla tua area Delphi online\u00a0escluisivamente nel periodo\u00a0compreso tra [&hellip;]<\/p>\n","protected":false},"author":1,"featured_media":0,"parent":0,"menu_order":0,"comment_status":"closed","ping_status":"closed","template":"","meta":{"_et_pb_use_builder":"on","_et_pb_old_content":"","_et_gb_content_width":"","footnotes":""},"class_list":["post-13703","page","type-page","status-publish","hentry"],"_links":{"self":[{"href":"https:\/\/segreteria.lettere.uniroma2.it\/home\/wp-json\/wp\/v2\/pages\/13703","targetHints":{"allow":["GET"]}}],"collection":[{"href":"https:\/\/segreteria.lettere.uniroma2.it\/home\/wp-json\/wp\/v2\/pages"}],"about":[{"href":"https:\/\/segreteria.lettere.uniroma2.it\/home\/wp-json\/wp\/v2\/types\/page"}],"author":[{"embeddable":true,"href":"https:\/\/segreteria.lettere.uniroma2.it\/home\/wp-json\/wp\/v2\/users\/1"}],"replies":[{"embeddable":true,"href":"https:\/\/segreteria.lettere.uniroma2.it\/home\/wp-json\/wp\/v2\/comments?post=13703"}],"version-history":[{"count":25,"href":"https:\/\/segreteria.lettere.uniroma2.it\/home\/wp-json\/wp\/v2\/pages\/13703\/revisions"}],"predecessor-version":[{"id":15561,"href":"https:\/\/segreteria.lettere.uniroma2.it\/home\/wp-json\/wp\/v2\/pages\/13703\/revisions\/15561"}],"wp:attachment":[{"href":"https:\/\/segreteria.lettere.uniroma2.it\/home\/wp-json\/wp\/v2\/media?parent=13703"}],"curies":[{"name":"wp","href":"https:\/\/api.w.org\/{rel}","templated":true}]}}